{"id":642,"date":"2024-11-26T18:59:07","date_gmt":"2024-11-26T18:59:07","guid":{"rendered":"https:\/\/d.r6.wbsprt.com\/umbrellacitylines.cz\/?page_id=642"},"modified":"2024-12-21T09:41:40","modified_gmt":"2024-12-21T09:41:40","slug":"allgemeine-bedingungen","status":"publish","type":"page","link":"https:\/\/www.umbrellacitylines.sk\/de\/allgemeine-bedingungen\/","title":{"rendered":""},"content":{"rendered":"\n<div style=\"height:100px\" aria-hidden=\"true\" class=\"wp-block-spacer\"><\/div>\n\n\n\n<h1 class=\"wp-block-heading has-text-align-center\">Vertragsbedingungen der Firma Umbrella<br>City Lines GmbH f\u00fcr die Anmietung von Omnibussen<\/h1>\n\n\n\n<div style=\"height:40px\" aria-hidden=\"true\" class=\"wp-block-spacer\"><\/div>\n\n\n\n<p class=\"has-text-align-center\">Sehr geehrte Kunden,<br>die nachfolgenden Mietomnibusbedingungen, nachfolgend \u201eMOB&#8220;<br>abgek\u00fcrzt, werden bei Vertragsschluss, soweit wirksam vereinbart,<br>Inhalt des Vertrages, der im Falle der Anmietung von Omnibussen<br>zwischen uns, der Firma Umbrella City Lines GmbH, nachfolgend als<br>\u201eBusunternehmen&#8220; bezeichnet und \u201eBU&#8220; abgek\u00fcrzt, und dem<br>Auftraggeber, nachfolgend \u201eAG&#8220; abgek\u00fcrzt, zu Stande kommt. Bitte<br>lesen Sie diese MOB vor der Auftragserteilung sorgf\u00e4ltig durch.<br>Wir empfehlen die Mitf\u00fchrung dieser MOB w\u00e4hrend der Fahrt, die<br>Unterrichtung Ihrer Reiseleiter und sonstigen Beauftragten sowie Ihrer<br>Fahrg\u00e4ste \u00fcber den Inhalt dieser Vertragsbedingungen, damit diese<br>sich jederzeit \u00fcber ihre Rechte und Pflichten als AG und deren<br>Auswirkungen f\u00fcr das Verhalten der Reiseleiter, Beauftragten und<br>Fahrg\u00e4ste selbst orientieren k\u00f6nnen.<\/p>\n\n\n\n<div style=\"height:33px\" aria-hidden=\"true\" class=\"wp-block-spacer\"><\/div>\n\n\n\n<ol class=\"wp-block-list\">\n<li><\/li>\n<\/ol>\n\n\n\n<h2 class=\"wp-block-heading has-text-align-center\">1. Rechtsgrundlagen, Anwendungsbereich dieser Gesch\u00e4ftsbedingungen<\/h2>\n\n\n\n<p class=\"has-text-align-center\"><br>1.1. Auf die gesamten Rechts- und Vertragsbeziehungen<br>zwischen dem BU und dem AG finden in erster Linie die im Einzelfall<br>getroffenen Vereinbarungen (insbesondere zu Preisen und Leistungen), soweit<br>wirksam vereinbart diese Vertragsbedingungen und hilfsweise die Vorschriften<br>des Mietrechts \u00fcber die Anmietung beweglicher Sachen (\u00a7\u00a7 535 ff. BGB)<br>sowie Dienstvertragsrecht (\u00a7\u00a7 611 ff. BGB) Anwendung.<br><\/p>\n\n\n\n<div style=\"height:31px\" aria-hidden=\"true\" class=\"wp-block-spacer\"><\/div>\n\n\n\n<p class=\"has-text-align-center\">1.2. Diese Vertragsbedingungen gelten, soweit wirksam<br>vereinbart, f\u00fcr Vertr\u00e4ge mit nat\u00fcrlichen Personen und Gruppen, soweit der<br>Vertrag weder ihrer gewerblichen, noch ihrer selbstst\u00e4ndigen beruflichen<br>T\u00e4tigkeit zugerechnet werden kann (Verbraucher im Sinne von \u00a7 13 BGB).<br>Diese Vertragsbedingungen gelten auch f\u00fcr Vertr\u00e4ge mit gewerblichen oder<br>selbstst\u00e4ndigen Auftraggebern, soweit diese den Vertrag in Aus\u00fcbung ihrer<br>gewerblichen oder selbstst\u00e4ndigen beruflichen T\u00e4tigkeit abschlie\u00dfen<br>(Unternehmer i.S. von \u00a7 14 BGB).<br><\/p>\n\n\n\n<div style=\"height:31px\" aria-hidden=\"true\" class=\"wp-block-spacer\"><\/div>\n\n\n\n<p class=\"has-text-align-center\">1.3. Folgende Vertragsbestimmungen gelten nur f\u00fcr Unternehmer als AG:<br>a) Diese Vertragsbedingungen gelten auch f\u00fcr alle k\u00fcnftigen<br>Vertr\u00e4ge des AG mit dem BU und zwar auch dann, wenn diese<br>Vertragsbedingungen nicht ausdr\u00fccklich vereinbart, in Bezug genommen<br>oder f\u00fcr anwendbar erkl\u00e4rt worden sind.<br>b) BU und AG vereinbaren f\u00fcr alle k\u00fcnftigen Vertr\u00e4ge des AG<br>mit dem BU gem\u00e4\u00df \u00a7 651a Abs. 5 Nr. 3 BGB mit dieser<br>Rahmenvereinbarung, dass die Vorschriften der \u00a7\u00a7 651a ff. BGB<br>(Untertitel 4) auf alle Reiseleistungen des AG f\u00fcr dessen<br>unternehmerischen Zwecke nicht anwendbar sind. AG und BU<br>vereinbaren, dass die Leistung f\u00fcr unternehmerische Zwecke bestimmt ist,<br>sofern eine Rechnungstellung an die Firma des AG erfolgt.<br>c) Allgemeine Gesch\u00e4ftsbedingungen des AG haben f\u00fcr das<br>Vertragsverh\u00e4ltnis mit dem BU keine G\u00fcltigkeit und zwar auch dann nicht,<br>wenn sie vom AG f\u00fcr anwendbar erkl\u00e4rt wurden und auch dann nicht,<br>wenn das BU diesen Bedingungen nicht widerspricht.<\/p>\n\n\n\n<div style=\"height:31px\" aria-hidden=\"true\" class=\"wp-block-spacer\"><\/div>\n\n\n\n<p class=\"has-text-align-center\">1.4. Auf das Vertrags- und Rechtsverh\u00e4ltnis zwischen dem AG <\/p>\n\n\n\n<p class=\"has-text-align-center\">und dem BU anwendbare zwingende gesetzliche Bestimmungen,<br>insbesondere des Gewerberechts und des Personenbef\u00f6rderungsrechts,<br>sowie anwendbare Vorschriften aus Verordnungen der Europ\u00e4ischen Union<br>(insbesondere der Fahrgastrechteverordnung), bleiben durch diese<br>Vertragsbestimmungen unber\u00fchrt.<\/p>\n\n\n\n<div style=\"height:100px\" aria-hidden=\"true\" class=\"wp-block-spacer\"><\/div>\n\n\n\n<h2 class=\"wp-block-heading has-text-align-center\">2. Vertragsabschluss<\/h2>\n\n\n\n<p class=\"has-text-align-center\"><br>2.1. Der AG kann sein Interesse an der Anmietung eines Busses<br>m\u00fcndlich, telefonisch, schriftlich, per E-Mail, per Telefax und &#8211; soweit das BU<br>dies auf seiner Internetseite vorsieht &#8211; online mit einem entsprechenden<br>Anfrageformular \u00fcbermitteln.<\/p>\n\n\n\n<div style=\"height:30px\" aria-hidden=\"true\" class=\"wp-block-spacer\"><\/div>\n\n\n\n<p class=\"has-text-align-center\">2.2. Das BU unterrichtet den AG auf der Grundlage der<br>\u00fcbermittelten Angaben \u00fcber die zur Verf\u00fcgung stehenden Fahrzeuge, die<br>Preise, Leistungen und sonstigen Konditionen. Diese Unterrichtung stellt noch<br>kein verbindliches Vertragsangebot des BU an den AG dar. Gleichzeitig<br>unterrichtet das BU den AG \u00fcber die Form einer eventuellen Auftragserteilung.<\/p>\n\n\n\n<div style=\"height:30px\" aria-hidden=\"true\" class=\"wp-block-spacer\"><\/div>\n\n\n\n<p class=\"has-text-align-center\">2.3. Mit der Auftragserteilung bietet der AG dem BU den<br>Abschluss eines Mietvertrages verbindlich an. Soweit in der Unterrichtung des<br>BU \u00fcber die Vertragskonditionen keine bestimmte Form ausdr\u00fccklich<br>vorgegeben ist, kann die Auftragserteilung m\u00fcndlich, schriftlich, telefonisch, per<br>E-Mail, per Telefax oder &#8211; soweit vom BU so vorgesehen &#8211; online erfolgen.<\/p>\n\n\n\n<div style=\"height:28px\" aria-hidden=\"true\" class=\"wp-block-spacer\"><\/div>\n\n\n\n<p class=\"has-text-align-center\">2.4. Wird seitens des BU die M\u00f6glichkeit einer verbindlichen<br>Onlinebuchung \u00fcber die Internetseite des BU angeboten, so informiert das BU<br>den AG im Internetauftritt \u00fcber die einzelnen Schritte zur verbindlichen<br>Buchung und den weiteren Ablauf des Vertragsabschlusses. Die<br>Onlinebuchung wird in diesem Fall seitens des AG durch Anklicken des<br>Buttons &#8222;Zahlungspflichtig buchen&#8220; in dem Sinne verbindlich, dass der AG<br>durch Anklicken dieses Buttons dem BU ein verbindliches Vertragsangebot auf<br>Abschluss eines Mietvertrages unterbreitet, welches im Falle der Annahme<br>dieses Vertragsangebotes durch den BU zum zahlungspflichtigen<br>Vertragsabschluss mit dem AG f\u00fchrt. Die Regelungen in Ziff. 2.5 bis 2.7 gelten<br>f\u00fcr diesen Buchungsablauf entsprechend.<br><\/p>\n\n\n\n<div style=\"height:31px\" aria-hidden=\"true\" class=\"wp-block-spacer\"><\/div>\n\n\n\n<p class=\"has-text-align-center\">2.5. An das mit der Auftragserteilung erfolgende<br>Vertragsangebot ist der AG, soweit keine andere Frist ausdr\u00fccklich vereinbart<br>ist, 7 Werktage gebunden.<br><\/p>\n\n\n\n<div style=\"height:30px\" aria-hidden=\"true\" class=\"wp-block-spacer\"><\/div>\n\n\n\n<p class=\"has-text-align-center\">2.6. Grundlage des Vertragsangebots des AG an das BU sind<br>die Angaben zum Fahrzeug, zu Preisen und Leistungen in der Unterrichtung<br>\u00fcber die Vertragskonditionen nach Ziff. 2.2 sowie diese Vertragsbedingungen.<\/p>\n\n\n\n<div style=\"height:31px\" aria-hidden=\"true\" class=\"wp-block-spacer\"><\/div>\n\n\n\n<p class=\"has-text-align-center\">2.7. Der Vertrag kommt f\u00fcr das BU und den AG<br>rechtsverbindlich mit Zugang der Vertragsbest\u00e4tigung des BU beim AG zu<br>Stande.<\/p>\n\n\n\n<div style=\"height:30px\" aria-hidden=\"true\" class=\"wp-block-spacer\"><\/div>\n\n\n\n<p class=\"has-text-align-center\">2.8. Unterbreitet das BU, gegebenenfalls nach vorheriger<br>Kl\u00e4rung der Verf\u00fcgbarkeit der vom AG gew\u00fcnschten oder in Aussicht<br>genommenen Mietomnibusleistungen, ein ausdr\u00fccklich als verbindlich<br>bezeichnetes Angebot, so kommt der Vertrag abweichend von den<br>Regelungen in Ziff. 2.1 bis 2.3 und 2.5 bis 2.7 wie folgt zu Stande:<br>a) In diesem Fall stellt das Angebot des BU das verbindliche<br>Angebot auf Abschluss eines entsprechenden Mietvertrages auf der<br>Grundlage der in diesem Angebot bezeichneten Preise und Leistungen<br>und dieser MOB dar.<br>b) Der Vertrag kommt rechtsverbindlich dadurch zu Stande,<br>dass der AG dieses Angebot ohne Erweiterungen, Einschr\u00e4nkungen oder<br>sonstige \u00c4nderungen in der vom BU vorgegebenen Form annimmt und<br>dem BU diese Annahmeerkl\u00e4rung innerhalb einer gegebenenfalls vom BU<br>vorgegebenen Frist zugeht. Das BU ist berechtigt, aber nicht verpflichtet,<br>versp\u00e4tet eingehende Annahmeerkl\u00e4rungen anzunehmen. Es wird davon<br>den AG unverz\u00fcglich unterrichten.<br>c) Das BU wird dem AG den Eingang seiner<br>Annahmeerkl\u00e4rung best\u00e4tigen. Der Vertrag ist in diesem Fall jedoch<br>rechtsverbindlich bereits mit Eingang der Annahmeerkl\u00e4rung des AG beim BU abgeschlossen und die Rechtsverbindlichkeit des Vertrages damit<br>nicht vom Zugang dieser Eingangsbest\u00e4tigung beim AG abh\u00e4ngig.<\/p>\n\n\n\n<p class=\"has-text-align-center\"><\/p>\n\n\n\n<div style=\"height:31px\" aria-hidden=\"true\" class=\"wp-block-spacer\"><\/div>\n\n\n\n<p class=\"has-text-align-center\"><\/p>\n\n\n\n<div style=\"height:30px\" aria-hidden=\"true\" class=\"wp-block-spacer\"><\/div>\n\n\n\n<p class=\"has-text-align-center\">2.9. Bei Gruppen, Beh\u00f6rden, Vereinen, Institutionen und Firmen<br>ist Auftraggeber und Vertragspartner des BU ausschlie\u00dflich die jeweilige<br>Gruppe, Beh\u00f6rde usw., bzw. der jeweilige Rechtstr\u00e4ger, soweit die<br>Auftragserteilung nicht ausdr\u00fccklich f\u00fcr eine andere nat\u00fcrliche oder juristische<br>Person oder Personenmehrheit als AG erfolgt oder sich aus den Umst\u00e4nden<br>ergibt, dass die Auftragserteilung in deren Namen erfolgen soll.<br>Die Person, welche f\u00fcr eine Gruppe, Beh\u00f6rde, einen Verein, eine Institution<br>oder eine Firma den Auftrag erteilt, hat f\u00fcr die Verpflichtungen des AG, f\u00fcr den<br>sie handelt, wie f\u00fcr ihre eigenen Verpflichtungen einzustehen, soweit sie diese<br>besondere Einstandspflicht durch ausdr\u00fcckliche und gesonderte Erkl\u00e4rung<br>\u00fcbernommen hat oder nach den gesetzlichen Bestimmungen (\u00a7 179 BGB) als<br>Vertreter ohne Vertretungsmacht gehandelt hat.<\/p>\n\n\n\n<div style=\"height:30px\" aria-hidden=\"true\" class=\"wp-block-spacer\"><\/div>\n\n\n\n<p class=\"has-text-align-center\">2.10. Das BU weist darauf hin, dass nach den gesetzlichen Vorschriften (\u00a7<br>312g Absatz 2 Satz 1 Nummer 9 BGB), auch wenn der Vertrag im Wege des<br>Fernabsatzes geschlossen wurde, kein Widerrufsrecht besteht. Die \u00fcbrigen<br>gesetzlichen R\u00fccktritts- und K\u00fcndigungsrechte des AG bleiben davon<br>unber\u00fchrt.<\/p>\n\n\n\n<p class=\"has-text-align-center\"><\/p>\n\n\n\n<div style=\"height:100px\" aria-hidden=\"true\" class=\"wp-block-spacer\"><\/div>\n\n\n\n<h2 class=\"wp-block-heading has-text-align-center\">3. Leistungen und Umfang der Vertragspflichten des BU,<br>termingebundene Transporte, Sitzplatzzuweisung<\/h2>\n\n\n\n<p class=\"has-text-align-center\"><br><\/p>\n\n\n\n<p class=\"has-text-align-center\">3.1. Die Leistungspflicht des BU besteht in der mietweisen<br>\u00dcberlassung des Fahrzeugs einschlie\u00dflich des\/der Fahrer(s) zur<br>Personenbef\u00f6rderung nach Ma\u00dfgabe der vertraglichen Vereinbarungen.<br>Gesetzliche oder beh\u00f6rdliche Vorschriften zur Personenbef\u00f6rderung<br>(insbesondere Lenk- und Ruhezeiten des\/der Fahrer(s)) im Sinne der Ziffer<br>1.4 dieser Bedingungen sind jederzeit einzuhalten und demgem\u00e4\u00df<br>Vertragsinhalt. Das BU schuldet demnach nicht die Bef\u00f6rderung selbst im<br>Sinne eines werkvertraglichen Erfolges.<br><\/p>\n\n\n\n<div style=\"height:31px\" aria-hidden=\"true\" class=\"wp-block-spacer\"><\/div>\n\n\n\n<p class=\"has-text-align-center\">3.2. Der Anlass und\/oder der Zweck der<br>vertragsgegenst\u00e4ndlichen Bef\u00f6rderung ist ohne diesbez\u00fcgliche ausdr\u00fcckliche<br>Vereinbarung mit dem BU nicht Vertragsgrundlage. Dies gilt insbesondere<br>auch, soweit der Anlass und\/oder Zweck in den Kalkulationsgrundlagen<br>genannt ist. Der Wegfall oder die \u00c4nderung von Anlass und\/oder Zweck (ganz<br>oder teilweise), insbesondere der Wegfall oder Ausfall von Zielorten,<br>Veranstaltungen, Besuchen oder \u00c4hnlichem begr\u00fcnden daher keinen<br>Anspruch des AG auf einen kostenlosen Vertragsr\u00fccktritt, eine K\u00fcndigung,<br>eine Preisreduzierung oder sonstige Anpassungen des Vertrages.<br><\/p>\n\n\n\n<div style=\"height:31px\" aria-hidden=\"true\" class=\"wp-block-spacer\"><\/div>\n\n\n\n<p class=\"has-text-align-center\">3.3. Dient der vertraglich geschuldete Einsatz des Busses der<br>termingebundenen Erreichung von Zielen oder Veranstaltungen, so gilt:<br>a) Das BU plant unter Ber\u00fccksichtigung der Streckenf\u00fchrung,<br>der Witterung, der Lenkzeiten und notwendiger Pausen den Zeitbedarf<br>und den sich hieraus ergebenden Abfahrtszeitpunkt.<br>b) Es obliegt dem AG, insbesondere soweit dieser<br>Unternehmer ist, und insbesondere soweit der AG \u00fcber entsprechende<br>Erfahrungen mit dem Ziel, der Veranstaltung und\/oder der Strecke verf\u00fcgt,<br>entsprechende Hinweise und Bedenken zur geplanten Streckenf\u00fchrung<br>oder zum Zeitbedarf rechtzeitig gegen\u00fcber dem BU vorzubringen.<br>c) Soweit das BU keine vertraglichen oder gesetzlichen<br>Verpflichtungen verletzt, haftet das BU nicht f\u00fcr das rechtzeitige Erreichen<br>des Ziels, bzw. der Veranstaltung. Durch die Versp\u00e4tung verursachte<br>Kosten des AG oder seiner Fahrg\u00e4ste gehen zu Lasten des AG.<br>d) Trifft das BU zur Vermeidung von Versp\u00e4tungen oder als<br>deren Folge nach Anweisung oder in \u00dcbereinstimmung mit dem AG bzw.<br>dessen Beauftragten Ma\u00dfnahmen (z.B. Kommunikation, Einsatz<br>zus\u00e4tzlicher Fahrer, Nutzung alternativer Verkehrsmittel), so hat der AG<br>an das BU die entsprechenden Aufwendungen zu erstatten.<br><\/p>\n\n\n\n<div style=\"height:30px\" aria-hidden=\"true\" class=\"wp-block-spacer\"><\/div>\n\n\n\n<p class=\"has-text-align-center\">3.4. Die Leistungspflicht des BU umfasst nicht die<br>Beaufsichtigung der Fahrg\u00e4ste. Bei der Bef\u00f6rderung von Minderj\u00e4hrigen<br>\u00fcbernimmt das BU insbesondere keine vertragliche Aufsichtspflicht.<br><\/p>\n\n\n\n<div style=\"height:31px\" aria-hidden=\"true\" class=\"wp-block-spacer\"><\/div>\n\n\n\n<p class=\"has-text-align-center\">3.5. F\u00fcr die Leistungspflicht des BU bei behinderten Personenoder Personen mit eingeschr\u00e4nkter Mobilit\u00e4t gilt:<br>a) Hilfs- und Betreuungsleistungen sind vom BU nur dann<br>geschuldet, wenn dies ausdr\u00fccklich vereinbart oder gesetzlich<br>verpflichtend ist.<br>b) Den AG trifft die Pflicht, das BU bereits vor Vertragsschluss<br>auf die voraussichtliche Zahl hilfsbed\u00fcrftiger Personen hinzuweisen und<br>genaue Angaben \u00fcber deren Einschr\u00e4nkungen und Hilfsbed\u00fcrfnisse zu<br>machen; die Angaben sind rechtzeitig vor Fahrtbeginn zu erg\u00e4nzen und<br>zu konkretisieren. Macht eine wesentliche Erh\u00f6hung der Zahl<br>hilfsbed\u00fcrftiger Personen gegen\u00fcber den Angaben vor Vertragsschluss<br>den Einsatz eines anderen Busses, zus\u00e4tzlicher Fahrer oder sonstige<br>besondere Ma\u00dfnahmen erforderlich, so hat der AG hierf\u00fcr ein besonderes<br>Entgelt \u00fcber die vereinbarte Verg\u00fctung hinaus zu bezahlen.<br><\/p>\n\n\n\n<div style=\"height:30px\" aria-hidden=\"true\" class=\"wp-block-spacer\"><\/div>\n\n\n\n<p class=\"has-text-align-center\">3.6. Das BU trifft keine Verpflichtung zur Beaufsichtigung von Sachen, die<br>der AG oder seine Fahrg\u00e4ste im Fahrgastraum des Fahrzeugs zur\u00fccklassen;<br>ebenso trifft das BU keine Verpflichtung zur Beaufsichtigung des Gep\u00e4cks beim<br>Be- und Entladen. Hiervon unber\u00fchrt bleiben Anspr\u00fcche des AG und seiner<br>Fahrg\u00e4ste aufgrund von Pflichtverletzungen des BU und\/oder des Fahrers<br>bez\u00fcglich des ordnungsgem\u00e4\u00dfen Abstellens und des Verschlusses des Busses<br>und der Gep\u00e4ckf\u00e4cher sowie diesbez\u00fcglicher technischer M\u00e4ngel des Busses.<br><\/p>\n\n\n\n<div style=\"height:29px\" aria-hidden=\"true\" class=\"wp-block-spacer\"><\/div>\n\n\n\n<p class=\"has-text-align-center\">3.7. Soweit etwas anderes nicht ausdr\u00fccklich vereinbart wurde, gilt f\u00fcr<br>Informationen und Bestimmungen im Zusammenhang mit der Fahrt, vor<br>allem bei Fahrten ins Ausland:<br>a) Das BU ist nicht verpflichtet, dem AG oder seinen<br>Fahrg\u00e4sten Hinweise zu Visa-, Einreise-, Devisen- und<br>Zollbestimmungen zu erteilen. Der AG ist selbst f\u00fcr die Beachtung dieser<br>Bestimmungen, deren Einhaltung sowie die Beschaffung notwendiger<br>Dokumente, Genehmigungen und Unterlagen verantwortlich. Er ist<br>verpflichtet, seine Fahrg\u00e4ste zur Einhaltung der Bestimmungen und zur<br>Mitf\u00fchrung entsprechender Unterlagen, Ausweispapiere und Dokumente<br>anzuhalten.<br>b) Das BU schuldet dem AG keine Hinweise zu rechtlichen<br>Konsequenzen, welche sich aus der Anmietung des Busses, dem Anlass,<br>dem Ziel, dem Zweck und der Durchf\u00fchrung der Fahrt ergeben.<br>Insbesondere obliegt es ausschlie\u00dflich dem AG zu \u00fcberpr\u00fcfen, ob er mit<br>der Erteilung des Auftrages an das BU und\/oder der Durchf\u00fchrung der<br>Fahrt in die Rechtsstellung eines Pauschalreiseveranstalters gelangt oder<br>bez\u00fcglich der Fahrt in sonstiger Weise eigene vertragliche oder<br>gesetzliche Verpflichtungen des AG seinerseits gegen\u00fcber seinen<br>Fahrg\u00e4sten begr\u00fcndet werden. Zur Einhaltung entsprechender<br>Vorschriften ist der AG ausschlie\u00dflich selbst verpflichtet.<br>c) Das BU ist ohne ausdr\u00fcckliche Vereinbarung mit dem AG<br>nicht verpflichtet, \u00fcber die ihm nach den gesetzlichen Bestimmungen<br>obliegenden Versicherungen hinaus Versicherungen zu Gunsten des AG<br>oder seiner Fahrg\u00e4ste abzuschlie\u00dfen oder auf solche Versicherungen<br>hinzuweisen. Dies gilt insbesondere f\u00fcr<br>Reiser\u00fccktrittskostenversicherungen, Reiseabbruchversicherungen oder<br>Versicherungen zur Deckung der Kosten einer R\u00fcckf\u00fchrung bei Unfall<br>oder Krankheit.<br><\/p>\n\n\n\n<div style=\"height:31px\" aria-hidden=\"true\" class=\"wp-block-spacer\"><\/div>\n\n\n\n<p class=\"has-text-align-center\">3.8. Im Rahmen geltender gesetzlicher Bestimmungen<br>(insbesondere der Beachtung von Vorschriften durch das BU betreffend<br>Bustransporte von behinderten Personen oder Personen mit eingeschr\u00e4nkter<br>Mobilit\u00e4t) liegen die Zuweisung bestimmter Sitzpl\u00e4tze im Bus sowie<br>diesbez\u00fcgliche vertragliche Vereinbarungen mit den Fahrg\u00e4sten<br>ausschlie\u00dflich im Ermessen und im Zust\u00e4ndigkeitsbereich des AG.<br><\/p>\n\n\n\n<div style=\"height:31px\" aria-hidden=\"true\" class=\"wp-block-spacer\"><\/div>\n\n\n\n<p class=\"has-text-align-center\">3.9. Das BU, dessen Fahrer oder sonstige Beauftragte trifft ohne<br>ausdr\u00fcckliche diesbez\u00fcgliche vertragliche Vereinbarung keine Verpflichtung,<br>bestimmte Sitzplatzzuweisungen zu organisieren, umzusetzen und<br>sicherzustellen; insbesondere besteht diesbez\u00fcglich keine Verpflichtung zur<br>Information oder zur Anweisung gegen\u00fcber den Fahrg\u00e4sten.<br><\/p>\n\n\n\n<div style=\"height:32px\" aria-hidden=\"true\" class=\"wp-block-spacer\"><\/div>\n\n\n\n<p class=\"has-text-align-center\">3.10. Das BU, dessen Fahrer oder sonstige Beauftragte sind<br>jedoch berechtigt, Sitzplatzzuweisungen des AG oder seiner Beauftragten zu<\/p>\n\n\n\n<p class=\"has-text-align-center\">oder Personen mit eingeschr\u00e4nkter Mobilit\u00e4t gilt:<br>a) Hilfs- und Betreuungsleistungen sind vom BU nur dann<br>geschuldet, wenn dies ausdr\u00fccklich vereinbart oder gesetzlich<br>verpflichtend ist.<br>b) Den AG trifft die Pflicht, das BU bereits vor Vertragsschluss<br>auf die voraussichtliche Zahl hilfsbed\u00fcrftiger Personen hinzuweisen und<br>genaue Angaben \u00fcber deren Einschr\u00e4nkungen und Hilfsbed\u00fcrfnisse zu<br>machen; die Angaben sind rechtzeitig vor Fahrtbeginn zu erg\u00e4nzen und<br>zu konkretisieren. Macht eine wesentliche Erh\u00f6hung der Zahl<br>hilfsbed\u00fcrftiger Personen gegen\u00fcber den Angaben vor Vertragsschluss<br>den Einsatz eines anderen Busses, zus\u00e4tzlicher Fahrer oder sonstige<br>besondere Ma\u00dfnahmen erforderlich, so hat der AG hierf\u00fcr ein besonderes<br>Entgelt \u00fcber die vereinbarte Verg\u00fctung hinaus zu bezahlen.<br><\/p>\n\n\n\n<div style=\"height:32px\" aria-hidden=\"true\" class=\"wp-block-spacer\"><\/div>\n\n\n\n<p class=\"has-text-align-center\">3.6. Das BU trifft keine Verpflichtung zur Beaufsichtigung von Sachen, die<br>der AG oder seine Fahrg\u00e4ste im Fahrgastraum des Fahrzeugs zur\u00fccklassen;<br>ebenso trifft das BU keine Verpflichtung zur Beaufsichtigung des Gep\u00e4cks beim<br>Be- und Entladen. Hiervon unber\u00fchrt bleiben Anspr\u00fcche des AG und seiner<br>Fahrg\u00e4ste aufgrund von Pflichtverletzungen des BU und\/oder des Fahrers<br>bez\u00fcglich des ordnungsgem\u00e4\u00dfen Abstellens und des Verschlusses des Busses<br>und der Gep\u00e4ckf\u00e4cher sowie diesbez\u00fcglicher technischer M\u00e4ngel des Busses.<br><\/p>\n\n\n\n<div style=\"height:30px\" aria-hidden=\"true\" class=\"wp-block-spacer\"><\/div>\n\n\n\n<p class=\"has-text-align-center\">3.7. Soweit etwas anderes nicht ausdr\u00fccklich vereinbart wurde, gilt f\u00fcr<br>Informationen und Bestimmungen im Zusammenhang mit der Fahrt, vor<br>allem bei Fahrten ins Ausland:<br>a) Das BU ist nicht verpflichtet, dem AG oder seinen<br>Fahrg\u00e4sten Hinweise zu Visa-, Einreise-, Devisen- und<br>Zollbestimmungen zu erteilen. Der AG ist selbst f\u00fcr die Beachtung dieser<br>Bestimmungen, deren Einhaltung sowie die Beschaffung notwendiger<br>Dokumente, Genehmigungen und Unterlagen verantwortlich. Er ist<br>verpflichtet, seine Fahrg\u00e4ste zur Einhaltung der Bestimmungen und zur<br>Mitf\u00fchrung entsprechender Unterlagen, Ausweispapiere und Dokumente<br>anzuhalten.<br>b) Das BU schuldet dem AG keine Hinweise zu rechtlichen<br>Konsequenzen, welche sich aus der Anmietung des Busses, dem Anlass,<br>dem Ziel, dem Zweck und der Durchf\u00fchrung der Fahrt ergeben.<br>Insbesondere obliegt es ausschlie\u00dflich dem AG zu \u00fcberpr\u00fcfen, ob er mit<br>der Erteilung des Auftrages an das BU und\/oder der Durchf\u00fchrung der<br>Fahrt in die Rechtsstellung eines Pauschalreiseveranstalters gelangt oder<br>bez\u00fcglich der Fahrt in sonstiger Weise eigene vertragliche oder<br>gesetzliche Verpflichtungen des AG seinerseits gegen\u00fcber seinen<br>Fahrg\u00e4sten begr\u00fcndet werden. Zur Einhaltung entsprechender<br>Vorschriften ist der AG ausschlie\u00dflich selbst verpflichtet.<br>c) Das BU ist ohne ausdr\u00fcckliche Vereinbarung mit dem AG<br>nicht verpflichtet, \u00fcber die ihm nach den gesetzlichen Bestimmungen<br>obliegenden Versicherungen hinaus Versicherungen zu Gunsten des AG<br>oder seiner Fahrg\u00e4ste abzuschlie\u00dfen oder auf solche Versicherungen<br>hinzuweisen. Dies gilt insbesondere f\u00fcr<br>Reiser\u00fccktrittskostenversicherungen, Reiseabbruchversicherungen oder<br>Versicherungen zur Deckung der Kosten einer R\u00fcckf\u00fchrung bei Unfall<br>oder Krankheit.<br><\/p>\n\n\n\n<div style=\"height:28px\" aria-hidden=\"true\" class=\"wp-block-spacer\"><\/div>\n\n\n\n<p class=\"has-text-align-center\">3.8. Im Rahmen geltender gesetzlicher Bestimmungen<br>(insbesondere der Beachtung von Vorschriften durch das BU betreffend<br>Bustransporte von behinderten Personen oder Personen mit eingeschr\u00e4nkter<br>Mobilit\u00e4t) liegen die Zuweisung bestimmter Sitzpl\u00e4tze im Bus sowie<br>diesbez\u00fcgliche vertragliche Vereinbarungen mit den Fahrg\u00e4sten<br>ausschlie\u00dflich im Ermessen und im Zust\u00e4ndigkeitsbereich des AG.<br><\/p>\n\n\n\n<div style=\"height:30px\" aria-hidden=\"true\" class=\"wp-block-spacer\"><\/div>\n\n\n\n<p class=\"has-text-align-center\">3.9. Das BU, dessen Fahrer oder sonstige Beauftragte trifft ohne<br>ausdr\u00fcckliche diesbez\u00fcgliche vertragliche Vereinbarung keine Verpflichtung,<br>bestimmte Sitzplatzzuweisungen zu organisieren, umzusetzen und<br>sicherzustellen; insbesondere besteht diesbez\u00fcglich keine Verpflichtung zur<br>Information oder zur Anweisung gegen\u00fcber den Fahrg\u00e4sten.<br><\/p>\n\n\n\n<div style=\"height:32px\" aria-hidden=\"true\" class=\"wp-block-spacer\"><\/div>\n\n\n\n<p class=\"has-text-align-center\">3.10. Das BU, dessen Fahrer oder sonstige Beauftragte sind<br>jedoch berechtigt, Sitzplatzzuweisungen des AG oder seiner Beauftragten zu \u00e4ndern, insbesondere Fahrg\u00e4sten verbindlich andere als die vorgesehenen<br>oder mit dem AG vereinbarten Sitzpl\u00e4tze zuzuweisen, falls dies aufgrund der<br>Erf\u00fcllung gesetzlicher Pflichten (insbesondere gegen\u00fcber behinderten<br>Fahrg\u00e4sten oder Fahrg\u00e4sten mit eingeschr\u00e4nkter Mobilit\u00e4t) oder aus<br>Sicherheitsgr\u00fcnden erforderlich ist. Dies gilt auch, soweit sich eine solche<br>Sitzplatzzuweisung als eine Ma\u00dfnahme darstellt, die aus den in Ziff. 10.5 a)<br>bis f) genannten Gr\u00fcnden an Stelle eines Ausschlusses von der Bef\u00f6rderung<br>getroffen wird.<\/p>\n\n\n\n<p class=\"has-text-align-center\"><\/p>\n\n\n\n<div style=\"height:100px\" aria-hidden=\"true\" class=\"wp-block-spacer\"><\/div>\n\n\n\n<h2 class=\"wp-block-heading has-text-align-center\">4. Leistungs\u00e4nderungen, \u00c4nderungen bez\u00fcglich des eingesetzten<br>Fahrzeugs<\/h2>\n\n\n\n<p class=\"has-text-align-center\">4.1.&nbsp;\u00c4nderungen wesentlicher vertraglicher Leistungen,<br>insbesondere eine \u00c4nderung des vorgesehenen Fahrzeugtyps, die nach<br>Vertragsabschluss<br>notwendig werden und vom BU nicht wider Treu und Glauben herbeigef\u00fchrt<br>wurden, sind nur gestattet, soweit die \u00c4nderungen nicht erheblich sind und<br>den Vertragszweck nicht beeintr\u00e4chtigen.<br><\/p>\n\n\n\n<div style=\"height:28px\" aria-hidden=\"true\" class=\"wp-block-spacer\"><\/div>\n\n\n\n<p class=\"has-text-align-center\">4.2. Eventuelle Gew\u00e4hrleistungsanspr\u00fcche bleiben unber\u00fchrt,<br>soweit die ge\u00e4nderten Leistungen mit M\u00e4ngeln behaftet sind.<br><\/p>\n\n\n\n<div style=\"height:31px\" aria-hidden=\"true\" class=\"wp-block-spacer\"><\/div>\n\n\n\n<p class=\"has-text-align-center\">4.3. Das BU ist verpflichtet, den AG \u00fcber wesentliche<br>Leistungs\u00e4nderungen unverz\u00fcglich nach Kenntnis vom \u00c4nderungsgrund zu<br>informieren.<br><\/p>\n\n\n\n<div style=\"height:31px\" aria-hidden=\"true\" class=\"wp-block-spacer\"><\/div>\n\n\n\n<p class=\"has-text-align-center\">4.4. Im Fall einer erheblichen \u00c4nderung einer wesentlichen<br>vertraglichen Leistung ist der AG berechtigt, unentgeltlich vom Vertrag<br>zur\u00fcckzutreten. Der AG hat dieses Recht unverz\u00fcglich nach der Erkl\u00e4rung des<br>BU \u00fcber die erhebliche \u00c4nderung der vertraglichen Leistungen dieser<br>gegen\u00fcber geltend zu machen.<br><\/p>\n\n\n\n<div style=\"height:31px\" aria-hidden=\"true\" class=\"wp-block-spacer\"><\/div>\n\n\n\n<p class=\"has-text-align-center\">4.5. Wird aufgrund eines einseitigen \u00c4nderungswunsches des<br>AG, f\u00fcr dessen Ber\u00fccksichtigung kein vertraglicher oder gesetzlicher<br>Anspruch des AG besteht, oder aufgrund entsprechender Vereinbarungen im<br>Vertrag oder nach Vertragsabschluss eine Reduzierung der Sitzplatzkapazit\u00e4t,<br>der Inklusivekilometer, der Vertragsdauer oder sonstiger wesentlicher<br>vertraglicher Leistungen vorgenommen, so ist das BU berechtigt, ein anderes<br>als das vertraglich vorgesehene Fahrzeug, gegebenenfalls an Stelle eines<br>Fahrzeugs maximal zwei andere oder kleinere Fahrzeuge, einzusetzen. Diese<br>Fahrzeuge d\u00fcrfen nach Art und Ausstattung qualitativ vom vertraglich<br>vereinbarten Fahrzeug abweichen. Eventuelle Minderungsanspr\u00fcche des AG<br>im Falle eines solchen ersatzweisen Einsatzes bleiben unber\u00fchrt.<br><\/p>\n\n\n\n<div style=\"height:31px\" aria-hidden=\"true\" class=\"wp-block-spacer\"><\/div>\n\n\n\n<p class=\"has-text-align-center\">4.6. Die Regelung in Ziff. 4.5 gilt entsprechend, wenn der<br>Einsatz eines vertraglich vorgesehenen Fahrzeugs durch Umst\u00e4nde<br>unm\u00f6glich geworden ist, die au\u00dferhalb des Risiko- und Herrschaftsbereichs<br>des BU liegen. Hierzu z\u00e4hlen insbesondere der Ausfall durch h\u00f6here Gewalt<br>bzw. unvermeidbare, au\u00dfergew\u00f6hnliche Umst\u00e4nde (Witterungssch\u00e4den,<br>Diebstahl, Vandalismus) sowie Sch\u00e4den durch Kfz-Unf\u00e4lle, welche nicht vom<br>BU oder dessen Erf\u00fcllungs- oder Verrichtungsgehilfen zu vertreten sind.<\/p>\n\n\n\n<p class=\"has-text-align-center\"><\/p>\n\n\n\n<div style=\"height:100px\" aria-hidden=\"true\" class=\"wp-block-spacer\"><\/div>\n\n\n\n<h2 class=\"wp-block-heading has-text-align-center\">5. Preise, Zahlung<\/h2>\n\n\n\n<p class=\"has-text-align-center\">5.1. Es gilt der bei Vertragsabschluss vereinbarte Mietpreis, soweit nichts<br>anderes vereinbart ist oder soweit nicht die Voraussetzungen einer<br>Preiserh\u00f6hung gem\u00e4\u00df Ziffer 6.&nbsp;dieser Vertragsbedingungen gegeben sind.<br><\/p>\n\n\n\n<div style=\"height:30px\" aria-hidden=\"true\" class=\"wp-block-spacer\"><\/div>\n\n\n\n<p class=\"has-text-align-center\">5.2. Im vereinbarten Mietpreis sind die Kosten f\u00fcr Treibstoff, \u00d6l<br>und sonstige Betriebsmittel und die Personalkosten f\u00fcr den\/die Fahrer nach<br>Ma\u00dfgabe der vereinbarten Miet-\/Einsatzzeit und der vereinbarten<br>Inklusivkilometer enthalten. Sonstige Zusatz- und Nebenkosten, insbesondere<br>Maut- und Parkgeb\u00fchren, tr\u00e4gt der AG. Das BU wird den AG, soweit m\u00f6glich,<br>vor Vertragsabschluss \u00fcber die Art und die voraussichtliche H\u00f6he solcher<br>Zusatz- und Nebenkosten informieren. Sind \u00dcbernachtungs- und<br>Verpflegungskosten f\u00fcr den Fahrer im Preis nicht beinhaltet, so wird das BU<br>den AG hierauf vor Vertragsabschluss (insbesondere im Angebot) hinweisen.<\/p>\n\n\n\n<div style=\"height:32px\" aria-hidden=\"true\" class=\"wp-block-spacer\"><\/div>\n\n\n\n<p class=\"has-text-align-center\">5.3. Mehrkosten, die aufgrund von Leistungs\u00e4nderungen oder<br>Abweichungen von den Kalkulationsgrundlagen anfallen, werden zus\u00e4tzlich<br>berechnet. Ist eine Vereinbarung zu Mehrkilometern oder der Verl\u00e4ngerung der Mietzeit nicht getroffen, wird der zus\u00e4tzliche Aufwand anteilig zur<br>urspr\u00fcnglichen Vereinbarung berechnet, wobei bei gleichzeitiger<br>\u00dcberschreitung von Inklusivkilometern und Mietzeit nur der sich jeweils<br>ergebende h\u00f6here Betrag der \u00dcberschreitungen zum Ansatz gebracht wird.<br>Verl\u00e4ngerungen der Mietzeit auf Wunsch des AG sind nur mit ausdr\u00fccklicher<br>Zustimmung des BU m\u00f6glich.<\/p>\n\n\n\n<div style=\"height:30px\" aria-hidden=\"true\" class=\"wp-block-spacer\"><\/div>\n\n\n\n<p class=\"has-text-align-center\">5.4. Rechnungen sind nach Erhalt ohne Abzug zahlungsf\u00e4llig.<br>Andere Zahlungsarten als in bar oder durch Bank\u00fcberweisung sind nur<br>m\u00f6glich, wenn dies zuvor ausdr\u00fccklich vereinbart wurde. Zahlungen in<br>Fremdw\u00e4hrungen sind ausdr\u00fccklich ausgeschlossen.<\/p>\n\n\n\n<div style=\"height:31px\" aria-hidden=\"true\" class=\"wp-block-spacer\"><\/div>\n\n\n\n<p class=\"has-text-align-center\">5.5.&nbsp;\u00dcberweisungen, vor allem aus dem Ausland, haben kosten-<br>und spesenfrei zu erfolgen.<\/p>\n\n\n\n<div style=\"height:29px\" aria-hidden=\"true\" class=\"wp-block-spacer\"><\/div>\n\n\n\n<p class=\"has-text-align-center\">5.6. F\u00fcr die Rechtzeitigkeit von Zahlungen kommt es auf die<br>Gutschrift auf dem Konto des BU an.<\/p>\n\n\n\n<div style=\"height:29px\" aria-hidden=\"true\" class=\"wp-block-spacer\"><\/div>\n\n\n\n<p class=\"has-text-align-center\">5.7. Sind Vorauszahlungen vereinbart, so gilt, dass das BU,<br>soweit es zur Erbringung der vertraglichen Leistungen bereit und in der Lage<br>ist und kein gesetzliches oder vertragliches Zur\u00fcckbehaltungsrecht des AG<br>besteht, nach Mahnung mit Fristsetzung berechtigt ist, vom Vertrag<br>zur\u00fcckzutreten und den AG mit R\u00fccktrittskosten gem\u00e4\u00df Ziff. 7.&nbsp;dieser<br>Bedingungen zu belasten.<\/p>\n\n\n\n<div style=\"height:30px\" aria-hidden=\"true\" class=\"wp-block-spacer\"><\/div>\n\n\n\n<p class=\"has-text-align-center\">5.8. Befindet sich der AG gegen\u00fcber dem BU mit unbestrittenen<br>Zahlungsforderungen aus fr\u00fcheren Vertr\u00e4gen oder aufgrund gesetzlicher<br>Zahlungsanspr\u00fcche des BU in Verzug, so kann das BU die Erbringung der<br>vertraglichen Leistungen aus sp\u00e4teren Auftr\u00e4gen verweigern, bis die unbestrittene Forderung einschlie\u00dflich Verzugszinsen, Mahnkosten, Gerichts-<br>und Anwaltskosten vollst\u00e4ndig bezahlt sind. Der AG kann die Zahlung zur<\/p>\n\n\n\n<p class=\"has-text-align-center\">Abwendung des Zur\u00fcckbehaltungsrechts des BU unter<br>R\u00fcckforderungsvorbehalt leisten. Besteht Zahlungsverzug mit bestrittenen<br>vertraglichen oder gesetzlichen Zahlungsanspr\u00fcchen, so kann der BU<br>vertragliche Leistungen aus sp\u00e4teren Vertr\u00e4gen verweigern, soweit der AG<br>nicht zuvor Sicherheit durch unbedingte, unwiderrufliche und<br>selbstschuldnerische Bankb\u00fcrgschaft oder durch Hinterlegung auf einem<br>Treuhandkonto eines vom BU bestimmten Rechtsanwalts oder Notars leistet.<\/p>\n\n\n\n<div style=\"height:100px\" aria-hidden=\"true\" class=\"wp-block-spacer\"><\/div>\n\n\n\n<h2 class=\"wp-block-heading has-text-align-center\">6. Preiserh\u00f6hung<\/h2>\n\n\n\n<p class=\"has-text-align-center\"><br>6.1. Soweit im Einzelfall nichts anderes vereinbart wurde, ist das<br>BU berechtigt, eine Preiserh\u00f6hung bis zu 10% des vertraglich vereinbarten<br>Preises zu verlangen bei einer Erh\u00f6hung von Kraftstoffkosten,<br>Personalkosten sowie Steuern und Abgaben, soweit sich diese Erh\u00f6hung auf<br>den vereinbarten Mietpreis auswirkt.<br><\/p>\n\n\n\n<div style=\"height:30px\" aria-hidden=\"true\" class=\"wp-block-spacer\"><\/div>\n\n\n\n<p class=\"has-text-align-center\">6.2. Eine Erh\u00f6hung ist nur zul\u00e4ssig, sofern zwischen<br>Vertragsabschluss und dem vertraglich vereinbarten Beginn der<br>Bef\u00f6rderungsleistung mehr als 4 Monate liegen und die zur Erh\u00f6hung<br>f\u00fchrenden Umst\u00e4nde vor Vertragsabschluss noch nicht eingetreten und bei<br>Vertragsabschluss f\u00fcr das BU nicht vorhersehbar waren. Das BU hat den AG<br>unverz\u00fcglich nach Bekanntwerden des Erh\u00f6hungsgrundes zu unterrichten, die<br>Erh\u00f6hung geltend zu machen und den Erh\u00f6hungsgrund nachzuweisen.<\/p>\n\n\n\n<div style=\"height:31px\" aria-hidden=\"true\" class=\"wp-block-spacer\"><\/div>\n\n\n\n<p class=\"has-text-align-center\">6.3. Im Falle einer zul\u00e4ssigen Erh\u00f6hung, die 3% des<br>vereinbarten Grundmietpreises \u00fcbersteigt, kann der AG ohne<br>Zahlungsverpflichtung gegen\u00fcber dem BU vom Vertrag zur\u00fccktreten. Die<br>R\u00fccktrittserkl\u00e4rung bedarf keiner bestimmten Form und ist dem BU gegen\u00fcber<br>unverz\u00fcglich nach Zugang des Erh\u00f6hungsverlangens zu erkl\u00e4ren. Dem AG<br>wird f\u00fcr die R\u00fccktrittserkl\u00e4rung zur Vermeidung von Missverst\u00e4ndnissen<br>jedoch die Textform empfohlen.<\/p>\n\n\n\n<p class=\"has-text-align-center\"><\/p>\n\n\n\n<div style=\"height:100px\" aria-hidden=\"true\" class=\"wp-block-spacer\"><\/div>\n\n\n\n<h2 class=\"wp-block-heading has-text-align-center\">7. R\u00fccktritt und K\u00fcndigung durch den Auftraggeber<\/h2>\n\n\n\n<p class=\"has-text-align-center\"><br>7.1. Die nachfolgenden Vorschriften gelten nur, soweit zwischen<br>dem BU und dem AG im Einzelfall nichts anderes vereinbart ist.<br>R\u00fccktrittsrechte kraft Handelsbrauch werden ausdr\u00fccklich ausgeschlossen.<\/p>\n\n\n\n<div style=\"height:27px\" aria-hidden=\"true\" class=\"wp-block-spacer\"><\/div>\n\n\n\n<p class=\"has-text-align-center\">7.2. Ohne ausdr\u00fcckliche diesbez\u00fcgliche Vereinbarung ist der AG<br>nicht berechtigt, einseitig eine Reduzierung bzw. \u00c4nderung der<br>Sitzplatzkapazit\u00e4t, der Einsatzzeit, der Vertragsdauer, der Inklusivkilometer, des vertraglich vorgesehenen Fahrzeugtyps oder sonstiger wesentlicher<br>vertraglicher Leistungen zu verlangen. Stimmt das BU solchen \u00c4nderungen<br>zu, stehen ihm die Rechte nach Ziff. 4.5 dieser Vertragsbedingungen zu. Ein<br>Anspruch auf Minderung des vereinbarten Mietpreises kommt nur gem. Ziff.<br>4.5 bei ersatzweisem Fahrzeugeinsatz in Betracht.<\/p>\n\n\n\n<p class=\"has-text-align-center\"><br>7.3. Der AG kann jederzeit vor Leistungsbeginn vom Vertrag<br>zur\u00fccktreten. Vertragspartner, die Kaufleute oder juristische Personen des<br>privaten oder \u00f6ffentlichen Rechts sind, haben einen R\u00fccktritt in Schriftform<br>oder in elektronischer Textform zu erkl\u00e4ren. Anderen AG wird dringend<br>empfohlen, den R\u00fccktritt schriftlich oder in elektronischer Textform zu erkl\u00e4ren.<\/p>\n\n\n\n<div style=\"height:31px\" aria-hidden=\"true\" class=\"wp-block-spacer\"><\/div>\n\n\n\n<p class=\"has-text-align-center\"><br>7.4. Im Falle eines R\u00fccktritts hat sich das BU im Rahmen seines<br>gew\u00f6hnlichen Gesch\u00e4ftsbetriebes und ohne eine Verpflichtung zu besonderen<br>Anstrengungen zu bem\u00fchen, den vertraglich vereinbarten Bus, bzw. die<br>vertraglich vereinbarten Bef\u00f6rderungskapazit\u00e4ten anderweitig zu verwenden.<\/p>\n\n\n\n<div style=\"height:31px\" aria-hidden=\"true\" class=\"wp-block-spacer\"><\/div>\n\n\n\n<p class=\"has-text-align-center\"><br>7.5. Das BU hat sich auf den Verg\u00fctungsanspruch die<br>Einnahmen aus einer anderweitigen Verwendung anrechnen zu lassen. Ist<br>eine anderweitige Verwendung des Busses bzw. der vertraglich vereinbarten<br>Bef\u00f6rderungskapazit\u00e4ten nicht m\u00f6glich, so bleibt der Anspruch des BU auf<br>Bezahlung des vollen Mietpreises bestehen. Das BU hat sich jedoch ersparte<br>Aufwendungen anrechnen zu lassen.<\/p>\n\n\n\n<div style=\"height:30px\" aria-hidden=\"true\" class=\"wp-block-spacer\"><\/div>\n\n\n\n<p class=\"has-text-align-center\"><br>7.6. Die ersparten Aufwendungen k\u00f6nnen vom BU mit einem<br>pauschalen Abzug von 30% des Mietpreises angesetzt werden. Dieser<br>Abzug ber\u00fccksichtigt insbesondre ersparte Kraftstoff-, Maut- und<br>Personalkosten.<\/p>\n\n\n\n<div style=\"height:30px\" aria-hidden=\"true\" class=\"wp-block-spacer\"><\/div>\n\n\n\n<p class=\"has-text-align-center\"><br>7.7. Dem AG bleibt es ausdr\u00fccklich vorbehalten, dem BU<br>nachzuweisen, dass ihm kein oder nur ein wesentlich geringerer Ausfall<br>entstanden ist und\/oder dass die ersparten Aufwendungen wesentlich h\u00f6her<br>waren als der pauschale Abzug von 30%. Es bleibt dem AG au\u00dferdem der<br>Nachweis vorbehalten, dass eine anderweitige Verwendung der nicht in<br>Anspruch genommenen vertraglichen Leistungen (insbesondere ein<br>anderweitiger Einsatz des Busses) seitens des BU erfolgt ist oder ohne<br>sachlich rechtfertigenden Grund unterlassen wurde. Im Falle solcher<br>Nachweise hat der AG keine oder nur eine entsprechend geringere<br>Entsch\u00e4digung zu bezahlen.<\/p>\n\n\n\n<div style=\"height:100px\" aria-hidden=\"true\" class=\"wp-block-spacer\"><\/div>\n\n\n\n<h2 class=\"wp-block-heading has-text-align-center\">8. R\u00fccktritt und K\u00fcndigung durch das BU<br><\/h2>\n\n\n\n<div style=\"height:30px\" aria-hidden=\"true\" class=\"wp-block-spacer\"><\/div>\n\n\n\n<p class=\"has-text-align-center\">8.1. Das BU kann au\u00dfer dem in diesen Vertragsbedingungen<br>geregelten Fall eines Zahlungsverzuges des AG<br>vom Vertrag vor Fahrtantritt zur\u00fccktreten<br>oder den Vertrag nach Leistungsbeginn (Fahrtantritt) k\u00fcndigen,<br>a) wenn der AG trotz entsprechender Abmahnung des BU vertragliche<br>oder gesetzliche Pflichten in erheblicher Weise verletzt oder solche<br>Pflichtverletzungen objektiv zu erwarten sind und wenn solche<br>Pflichtverletzungen objektiv geeignet sind, die ordnungsgem\u00e4\u00dfe<br>Erbringung der vertraglichen Leistungen durch das BU erheblich zu<br>gef\u00e4hrden, zu erschweren oder zu beeintr\u00e4chtigen. Das BU ist beim<br>Vorliegen dieser Voraussetzungen zum R\u00fccktritt bzw. zur K\u00fcndigung nur<br>dann berechtigt, wenn dem BU ein Festhalten am Vertrag aufgrund der<br>Pflichtverletzung auch unter Ber\u00fccksichtigung der Interessen des AG an<br>der Durchf\u00fchrung des Vertrages objektiv nicht zumutbar ist.<br>b) soweit der AG und\/oder seine Beauftragten und\/oder seine Fahrg\u00e4ste<br>gegen Sicherheits- oder Gesundheitsbestimmungen versto\u00dfen oder in<br>anderer Weise objektiv die Sicherheit des Busses, des Fahrers, der<br>Insassen des Busses oder anderer Verkehrsteilnehmer oder sonstiger Dritter gef\u00e4hrden,<br>c) wenn die Erbringung der Leistung durch h\u00f6here Gewalt oder durch eine<br>Erschwerung, Gef\u00e4hrdung oder Beeintr\u00e4chtigung erheblicher Art durch<br>unvermeidbarer und unvorhersehbare Umst\u00e4nde wie Krieg oder<br>kriegs\u00e4hnliche Vorg\u00e4nge, Feindseligkeiten, Aufstand oder B\u00fcrgerkrieg,<br>Verhaftung, Beschlagnahme oder Behinderung durch Staatsorgane oder<br>andere Personen, Stra\u00dfenblockaden, Quarant\u00e4nema\u00dfnahmen sowie von<br>ihm nicht zu vertretende Streiks, Aussperrungen oder<br>Arbeitsniederlegungen erheblich erschwert, gef\u00e4hrdet oder beeintr\u00e4chtigt<br>wird.<\/p>\n\n\n\n<div style=\"height:30px\" aria-hidden=\"true\" class=\"wp-block-spacer\"><\/div>\n\n\n\n<p class=\"has-text-align-center\">8.2. Im Falle eines R\u00fccktritts oder einer K\u00fcndigung nach Ziff. 8.1<br>lit. a) und b) bleibt der Anspruch des BU auf die vereinbarte Verg\u00fctung<br>bestehen. Die Regelungen in Ziff. 7.5 bis 7.7 gelten entsprechend.<br><\/p>\n\n\n\n<div style=\"height:30px\" aria-hidden=\"true\" class=\"wp-block-spacer\"><\/div>\n\n\n\n<p class=\"has-text-align-center\">8.3. Im Falle einer K\u00fcndigung des BU nach Fahrtantritt aus den<br>in Ziff. 8.1 lit. c) genannten Gr\u00fcnden ist das BU auf Wunsch des AG<br>verpflichtet, die Fahrg\u00e4ste zur\u00fcckzubef\u00f6rdern, wobei ein Anspruch auf die<br>R\u00fcckbef\u00f6rderung nur mit einem Bus besteht. Die Pflicht zur R\u00fcckbef\u00f6rderung<br>entf\u00e4llt, wenn und soweit die R\u00fcckbef\u00f6rderung f\u00fcr das BU unm\u00f6glich oder<br>auch unter Ber\u00fccksichtigung der Interessen des AG und\/oder seiner<br>Teilnehmer unzumutbar ist. Entstehen bei einer solchen K\u00fcndigung<br>Mehrkosten f\u00fcr die R\u00fcckbef\u00f6rderung als solche, so sind diese vom AG und<br>dem BU je zur H\u00e4lfte zu tragen. Anderweitige Mehrkosten, insbesondere<br>Kosten f\u00fcr eine zus\u00e4tzliche Verpflegung oder Unterbringung (Beherbergung)<br>der Fahrg\u00e4ste des AG, tr\u00e4gt der AG.<\/p>\n\n\n\n<div style=\"height:30px\" aria-hidden=\"true\" class=\"wp-block-spacer\"><\/div>\n\n\n\n<p class=\"has-text-align-center\">8.4. K\u00fcndigt das BU den Vertrag aus den in Ziff. 8.1 lit. c) genannten<br>Gr\u00fcnden, so steht ihm eine angemessene Verg\u00fctung f\u00fcr die bereits<br>erbrachten Leistungen zu. F\u00fcr die verbleibenden Tage des urspr\u00fcnglichen<br>Mietzeitraums nach K\u00fcndigung gelten Ziffer 7.5 ff. entsprechend. <\/p>\n\n\n\n<div style=\"height:100px\" aria-hidden=\"true\" class=\"wp-block-spacer\"><\/div>\n\n\n\n<h2 class=\"wp-block-heading has-text-align-center\">9. Beschr\u00e4nkung der Haftung des BU<\/h2>\n\n\n\n<div style=\"height:30px\" aria-hidden=\"true\" class=\"wp-block-spacer\"><\/div>\n\n\n\n<p class=\"has-text-align-center\">9.1. Die Haftung des BU bei vertraglichen Anspr\u00fcchen ist,<br>ausgenommen die Haftung f\u00fcr Sachsch\u00e4den, f\u00fcr die Ziff. 9.2 gilt, auf den 10-<br>fachen Mietpreis beschr\u00e4nkt. Diese Haftungsbeschr\u00e4nkung gilt nicht,<br>a) f\u00fcr Sch\u00e4den aus der Verletzung des Lebens, des K\u00f6rpers<br>oder der Gesundheit, die auf einer fahrl\u00e4ssigen Pflichtverletzung des BU<br>oder einer vors\u00e4tzlichen oder fahrl\u00e4ssigen Pflichtverletzung eines<br>gesetzlichen Vertreters oder Erf\u00fcllungsgehilfen des BU beruhen,<br>b) f\u00fcr Anspr\u00fcche aus sonstigen Sch\u00e4den, die auf einer grob<br>fahrl\u00e4ssigen Pflichtverletzung des BU oder auf einer vors\u00e4tzlichen oder<br>grob fahrl\u00e4ssigen Pflichtverletzung eines gesetzlichen Vertreters oder<br>Erf\u00fcllungsgehilfen des BU beruhen,<br>c) f\u00fcr typische und vorhersehbare Sch\u00e4den aus der<br>fahrl\u00e4ssigen Verletzung von Hauptleistungspflichten des BU.<\/p>\n\n\n\n<div style=\"height:31px\" aria-hidden=\"true\" class=\"wp-block-spacer\"><\/div>\n\n\n\n<p class=\"has-text-align-center\">9.2. \u00a7 23 PBefG bleibt unber\u00fchrt. Die Haftung f\u00fcr Sachsch\u00e4den<br>ist damit ausgeschlossen, soweit der Schaden je bef\u00f6rdertem Gep\u00e4ckst\u00fcck<br>1.000,- \u20ac \u00fcbersteigt und nicht auf Vorsatz oder grober Fahrl\u00e4ssigkeit beruht.<\/p>\n\n\n\n<div style=\"height:100px\" aria-hidden=\"true\" class=\"wp-block-spacer\"><\/div>\n\n\n\n<h2 class=\"wp-block-heading has-text-align-center\">10. Pflichten und Haftung des Auftraggebers, seiner Mitarbeiter und seiner Fahrg\u00e4ste, M\u00e4ngelr\u00fcgen (Beschwerden)<\/h2>\n\n\n\n<div style=\"height:28px\" aria-hidden=\"true\" class=\"wp-block-spacer\"><\/div>\n\n\n\n<p class=\"has-text-align-center\">10.1. Dem AG obliegt die Verantwortung f\u00fcr das Verhalten seiner<br>Fahrg\u00e4ste w\u00e4hrend der Bef\u00f6rderung.<\/p>\n\n\n\n<div style=\"height:30px\" aria-hidden=\"true\" class=\"wp-block-spacer\"><\/div>\n\n\n\n<p class=\"has-text-align-center\"><br>10.2. Anweisungen des Fahrers oder sonstiger Mitarbeiter des<br>BU ist seitens des AG, seiner Reiseleiter oder sonstiger Beauftragten und<br>seiner Fahrg\u00e4ste Folge zu leisten,<br>a) soweit sich diese Anweisungen auf die Durchf\u00fchrung und<br>Einhaltung gesetzlicher Vorschriften im Inland und Ausland, insbesondere<br>auf die Einhaltung von Sicherheitsvorschriften und Einreisevorschriften<br>beziehen,<br>b) soweit solche Anweisungen objektiv berechtigt sind, um<br>einen ordnungsgem\u00e4\u00dfen Fahrtablauf zu erm\u00f6glichen oder<br>sicherzustellen,<br>c) soweit die Anweisungen dazu dienen, unzumutbare<\/p>\n\n\n\n<p class=\"has-text-align-center\">Beeintr\u00e4chtigungen f\u00fcr den Fahrer und\/oder die Fahrg\u00e4ste zu verhindern<br>oder zu unterbinden.<\/p>\n\n\n\n<div style=\"height:31px\" aria-hidden=\"true\" class=\"wp-block-spacer\"><\/div>\n\n\n\n<p class=\"has-text-align-center\"><br>10.3. Der AG haftet selbst, gegebenenfalls gesamtschuldnerisch<br>mit seinen Fahrg\u00e4sten, Reiseleitern oder Beauftragten f\u00fcr Sach- oder<br>Verm\u00f6genssch\u00e4den des BU, die durch seine Fahrg\u00e4ste, Reiseleiter oder<br>Beauftragte verursacht wurden, insbesondere Sch\u00e4den am Fahrzeug, soweit<br>f\u00fcr die Entstehung des Schadens die Verletzung eigener vertraglicher oder<br>gesetzlicher Pflichten des AG urs\u00e4chlich oder miturs\u00e4chlich geworden ist und<br>der AG nicht nachweist, dass weder er noch seine Fahrg\u00e4ste, Reiseleiter oder<br>Beauftragten den Schaden zu vertreten haben.<br><\/p>\n\n\n\n<div style=\"height:28px\" aria-hidden=\"true\" class=\"wp-block-spacer\"><\/div>\n\n\n\n<p class=\"has-text-align-center\">10.4. Gem\u00e4\u00df \u00a7 21 StVO sind vorgeschriebene Sicherheitsgurte<br>w\u00e4hrend der Fahrt anzulegen. Sitzpl\u00e4tze d\u00fcrfen nur kurzzeitig verlassen<br>werden. Jeder Fahrgast ist verpflichtet, sich im Fahrzeug stets einen festen<br>Halt zu verschaffen, insbesondere beim kurzzeitigen Verlassen des<br>Sitzplatzes. Der AG hat, insbesondere durch entsprechende ausdr\u00fcckliche<br>schriftliche oder m\u00fcndliche Informationen an seine Fahrg\u00e4ste und durch<br>entsprechende Instruktion seiner Reiseleiter oder sonstigen Beauftragten, die<br>Einhaltung dieser Sicherheitsvorschriften durch die Fahrg\u00e4ste sicherzustellen.<br><\/p>\n\n\n\n<div style=\"height:29px\" aria-hidden=\"true\" class=\"wp-block-spacer\"><\/div>\n\n\n\n<p class=\"has-text-align-center\">10.5. Fahrg\u00e4ste, die trotz Ermahnung den sachlich &#8211; insbesondere nach den<br>vorliegenden Bestimmungen &#8211; begr\u00fcndeten Anweisungen des Fahrers oder<br>sonstigen Beauftragten des BU nicht nachkommen, k\u00f6nnen von der Bef\u00f6rderung<br>ausgeschlossen und aus dem Bus gewiesen werden, wenn durch die<br>Nichtbefolgung der Anweisungen<br>a) eine Verletzung gesetzlicher Vorschriften im Inland oder im<br>Ausland eintritt oder andauert,<br>b) Sicherheitsvorschriften verletzt werden,<br>c) die Sicherheit der Fahrg\u00e4ste auch ohne eine Verletzung von<br>Sicherheitsvorschriften objektiv gef\u00e4hrdet oder beeintr\u00e4chtigt wird,<br>d) eine ordnungsgem\u00e4\u00dfe Durchf\u00fchrung der Fahrt objektiv<br>erheblich erschwert, gef\u00e4hrdet oder beeintr\u00e4chtigt wird,<br>e) die Fahrg\u00e4ste erheblich in unzumutbarer Weise<br>beeintr\u00e4chtigt werden<br>f) aus anderen erheblichen Gr\u00fcnden die Weiterbef\u00f6rderung<br>f\u00fcr das BU auch unter Ber\u00fccksichtigung der Interessen des betroffenen<br>Fahrgastes an der Weiterbef\u00f6rderung objektiv unzumutbar ist.<br><\/p>\n\n\n\n<div style=\"height:29px\" aria-hidden=\"true\" class=\"wp-block-spacer\"><\/div>\n\n\n\n<p class=\"has-text-align-center\">10.6. Im Falle eines berechtigten Ausschlusses von der<br>Bef\u00f6rderung besteht ein Anspruch auf R\u00fcckbef\u00f6rderung oder<br>Regressanspr\u00fcche des AG gegen\u00fcber dem BU nicht.<br><\/p>\n\n\n\n<div style=\"height:29px\" aria-hidden=\"true\" class=\"wp-block-spacer\"><\/div>\n\n\n\n<p class=\"has-text-align-center\">10.7. M\u00e4ngelr\u00fcgen (Beschwerden) \u00fcber die Art und Weise der<br>Durchf\u00fchrung der Fahrt und\/oder das eingesetzte Fahrzeug und\/oder die<br>Fahrweise oder das Verhalten des Fahrers oder sonstiger Beauftragter sowie<br>\u00fcber die M\u00e4ngel sonstiger vertraglicher Leistungen des BU sind zun\u00e4chst an<br>den Fahrer oder die sonstigen Beauftragten des BU zu richten. Der AG hat<br>seine Reiseleiter oder sonstigen verantwortlichen Beauftragten anzuhalten,<br>unabh\u00e4ngig davon, ob entsprechende Beschwerden durch die Fahrg\u00e4ste<br>selbst erfolgen oder bereits erfolgt sind, entsprechende M\u00e4ngelr\u00fcgen<br>gegen\u00fcber dem Fahrer oder sonstigen Beauftragten des BU vorzunehmen.<br><\/p>\n\n\n\n<div style=\"height:29px\" aria-hidden=\"true\" class=\"wp-block-spacer\"><\/div>\n\n\n\n<p class=\"has-text-align-center\">10.8. Der Fahrer oder sonstige Beauftragte des BU sind<br>angehalten und berechtigt, begr\u00fcndeten M\u00e4ngelr\u00fcgen abzuhelfen. Sie sind<br>berechtigt, die Abhilfe zu verweigern, wenn diese Abhilfe nicht oder nur mit<br>unverh\u00e4ltnism\u00e4\u00dfigem Aufwand m\u00f6glich ist. Im Falle einer solchen<br>Verweigerung der Abhilfe bleiben Anspr\u00fcche des AG, insbesondere auf<br>Minderung des Preises oder auf Schadensersatz unber\u00fchrt.<br>Der AG ist verpflichtet, bei der Behebung von Leistungsst\u00f6rungen im Rahmen<br>des ihm Zumutbaren mitzuwirken, um eventuelle Sch\u00e4den zu vermeiden oder<br>so gering wie m\u00f6glich zu halten. Er hat seine Reiseleiter oder sonstigen<br>Beauftragten vor Beginn der Fahrt zu einem entsprechenden Verhalten anzuhalten.<\/p>\n\n\n\n<p class=\"has-text-align-center\"><\/p>\n\n\n\n<h2 class=\"wp-block-heading has-text-align-center\">11. Verj\u00e4hrung<\/h2>\n\n\n\n<div style=\"height:30px\" aria-hidden=\"true\" class=\"wp-block-spacer\"><\/div>\n\n\n\n<p class=\"has-text-align-center\">11.1. Vertragliche Anspr\u00fcche des AG aus der Verletzung des<br>Lebens, des K\u00f6rpers oder der Gesundheit, die auf einer vors\u00e4tzlichen oder <\/p>\n\n\n\n<p class=\"has-text-align-center\">fahrl\u00e4ssigen Pflichtverletzung des BU oder eines gesetzlichen Vertreters oder<br>Erf\u00fcllungsgehilfen des BU beruhen, verj\u00e4hren in drei Jahren. Dies gilt auch f\u00fcr<br>Anspr\u00fcche auf den Ersatz sonstiger Sch\u00e4den, die auf einer vors\u00e4tzlichen oder<br>grob fahrl\u00e4ssigen Pflichtverletzung des BU oder eines gesetzlichen Vertreters<br>oder Erf\u00fcllungsgehilfen des BU beruhen.<\/p>\n\n\n\n<div style=\"height:30px\" aria-hidden=\"true\" class=\"wp-block-spacer\"><\/div>\n\n\n\n<p class=\"has-text-align-center\">11.2. Alle \u00fcbrigen vertraglichen Anspr\u00fcche verj\u00e4hren in einem<br>Jahr.<\/p>\n\n\n\n<p class=\"has-text-align-center\"><br>11.3. Die Verj\u00e4hrung nach Ziff. 11.1 und 11.2 beginnt mit dem<br>Schluss des Kalenderjahres, in dem der Anspruch entstanden ist, jedoch nicht<br>fr\u00fcher als zu dem Zeitpunkt, zu dem der AG vom Anspruchsgrund und dem<br>BU als Anspruchsgegner Kenntnis erlangt oder ohne grobe Fahrl\u00e4ssigkeit<br>Kenntnis erlangt haben m\u00fcsste. F\u00e4llt der letzte Tag der Frist auf einen<br>Sonntag, einen staatlich anerkannten allgemeinen Feiertag oder einen<br>Sonnabend, so tritt an die Stelle eines solchen Tages der n\u00e4chste Werktag.<br><\/p>\n\n\n\n<div style=\"height:28px\" aria-hidden=\"true\" class=\"wp-block-spacer\"><\/div>\n\n\n\n<p class=\"has-text-align-center\">11.4. Schweben zwischen dem AG und dem BU Verhandlungen \u00fcber den<br>Anspruch oder die den Anspruch begr\u00fcndenden Umst\u00e4nde, so ist die<br>Verj\u00e4hrung gehemmt, bis der AG oder das BU die Fortsetzung der<br>Verhandlungen verweigert. Die Verj\u00e4hrung tritt fr\u00fchestens drei Monate nach<br>dem Ende der Hemmung ein.<\/p>\n\n\n\n<div style=\"height:30px\" aria-hidden=\"true\" class=\"wp-block-spacer\"><\/div>\n\n\n\n<p class=\"has-text-align-center\">11.5. Durch die vorstehenden Bestimmungen bleiben zwingende gesetzliche<br>Verj\u00e4hrungsregelungen, insbesondere aus der Haftung des BU oder seiner<br>Erf\u00fcllungs- und Verrichtungsgehilfen (insbesondere der Fahrer) nach<br>Haftungsbestimmungen des Stra\u00dfenverkehrs-, des Kraftfahrzeug- und des<br>Personenbef\u00f6rderungsrechts, unber\u00fchrt. Gegen\u00fcber AG, die Unternehmer<br>sind, gilt dies nur insoweit, als auch mit diesen abweichende Vereinbarungen<br>nicht zul\u00e4ssig sind.<\/p>\n\n\n\n<div style=\"height:29px\" aria-hidden=\"true\" class=\"wp-block-spacer\"><\/div>\n\n\n\n<h2 class=\"wp-block-heading has-text-align-center\">12. Besondere Regelungen im Zusammenhang mit Pandemien<br>(insbesondere dem Corona-Virus)<\/h2>\n\n\n\n<p class=\"has-text-align-center\"><br>12.1. Die Parteien sind sich einig, dass die vereinbarten Mietomnibusleistungen<br>durch das BU stets unter Einhaltung und nach Ma\u00dfgabe der zum jeweiligen<br>Leistungszeitpunkt geltenden beh\u00f6rdlichen Vorgaben und Auflagen erbracht<br>werden.<\/p>\n\n\n\n<div style=\"height:30px\" aria-hidden=\"true\" class=\"wp-block-spacer\"><\/div>\n\n\n\n<p class=\"has-text-align-center\">12.2. Die Parteien vereinbaren ausdr\u00fccklich, dass im Rahmen dieser<br>Vereinbarung ein K\u00fcndigungsrecht aufgrund h\u00f6herer Gewalt oder<br>unzumutbarer Leistungs\u00e4nderungen aufgrund beh\u00f6rdlicher Auflagen zur<br>Durchf\u00fchrung von Reisen ausgeschlossen ist.<\/p>\n\n\n\n<div style=\"height:31px\" aria-hidden=\"true\" class=\"wp-block-spacer\"><\/div>\n\n\n\n<p class=\"has-text-align-center\">12.3. Der AG erkl\u00e4rt sich einverstanden, angemessene Nutzungsregelungen<br>oder -beschr\u00e4nkungen des BU bei der Inanspruchnahme von Leistungen zu<br>beachten und alle Fahrg\u00e4ste anzuweisen, im Falle von auftretenden typischen<br>Krankheitssymptomen die Gesch\u00e4ftsstelle des BU und den Fahrer<br>unverz\u00fcglich zu verst\u00e4ndigen.<br><\/p>\n\n\n\n<div style=\"height:30px\" aria-hidden=\"true\" class=\"wp-block-spacer\"><\/div>\n\n\n\n<p class=\"has-text-align-center\">12.4. Der Vertrag wird ausdr\u00fccklich unter dem R\u00fccktrittsvorbehalt des BU<br>vereinbart, dass die Bef\u00f6rderung der Anzahl an Personen, die der vertraglich<br>vereinbarten maximalen Sitzplatzzahl (ohne ausdr\u00fcckliche Vereinbarung gilt<br>die zugelassenen Maximalkapazit\u00e4t an Sitzpl\u00e4tzen ohne Fahrer- und<br>Reiseleitersitz des vereinbarten Busses) entspricht, nach denen f\u00fcr die<br>Mietomnibusfahrt geltenden beh\u00f6rdlichen Auflagen \u00fcber die gesamte<br>vereinbarte Mietzeit zul\u00e4ssig ist.<\/p>\n\n\n\n<p class=\"has-text-align-center\"><\/p>\n\n\n\n<div style=\"height:100px\" aria-hidden=\"true\" class=\"wp-block-spacer\"><\/div>\n\n\n\n<h2 class=\"wp-block-heading has-text-align-center\">13. Informationen \u00fcber Verbraucherstreitbeilegung<\/h2>\n\n\n\n<div style=\"height:31px\" aria-hidden=\"true\" class=\"wp-block-spacer\"><\/div>\n\n\n\n<p class=\"has-text-align-center\">BU nimmt nicht an einer freiwilligen Verbraucherstreitbeilegung teil. Sofern eine<br>Verbraucherstreitbeilegung nach Drucklegung dieser Vertragsbedingungen f\u00fcr BU<br>verpflichtend w\u00fcrde, informiert BU die Verbraucher hier\u00fcber in geeigneter Form.<br>BU weist f\u00fcr alle Vertr\u00e4ge, die nach Ziffer 2.4 im elektronischen Rechtsverkehr<br>geschlossen wurden, auf die europ\u00e4ische Online-Streitbeilegungs-Plattform<br><a href=\"https:\/\/ec.europa.eu\/consumers\/odr\/\">https:\/\/ec.europa.eu\/consumers\/odr\/<\/a> hin.<\/p>\n\n\n\n<div style=\"height:100px\" aria-hidden=\"true\" class=\"wp-block-spacer\"><\/div>\n\n\n\n<h2 class=\"wp-block-heading has-text-align-center\">14. Rechtswahl und Gerichtsstand<\/h2>\n\n\n\n<div style=\"height:31px\" aria-hidden=\"true\" class=\"wp-block-spacer\"><\/div>\n\n\n\n<p class=\"has-text-align-center\">14.1. Auf das Vertragsverh\u00e4ltnis zwischen dem AG und dem BU findet<br>ausschlie\u00dflich deutsches Recht Anwendung. Dies gilt auch f\u00fcr das gesamte<br>Rechtsverh\u00e4ltnis.<\/p>\n\n\n\n<div style=\"height:30px\" aria-hidden=\"true\" class=\"wp-block-spacer\"><\/div>\n\n\n\n<p class=\"has-text-align-center\">14.2. Soweit bei Klagen des AG gegen das BU im Ausland f\u00fcr die Haftung<br>des BU dem Grunde nach nicht deutsches Recht angewendet wird, findet<br>bez\u00fcglich der Rechtsfolgen, insbesondere hinsichtlich Art, Umfang und H\u00f6he<br>von Anspr\u00fcchen des AG, ausschlie\u00dflich deutsches Recht Anwendung.<br><\/p>\n\n\n\n<div style=\"height:30px\" aria-hidden=\"true\" class=\"wp-block-spacer\"><\/div>\n\n\n\n<p class=\"has-text-align-center\">14.3. Der AG kann das BU nur an dessen Sitz verklagen.<br><\/p>\n\n\n\n<div style=\"height:31px\" aria-hidden=\"true\" class=\"wp-block-spacer\"><\/div>\n\n\n\n<p class=\"has-text-align-center\">14.4. F\u00fcr Klagen des BU gegen den AG ist der Wohn-\/Gesch\u00e4ftssitz des AG<br>ma\u00dfgebend. F\u00fcr Klagen gegen AG, die Kaufleute, juristische Personen des<br>\u00f6ffentlichen oder privaten Rechts oder Personen oder Unternehmen sind, die<br>ihren Wohn-\/Gesch\u00e4ftssitz oder gew\u00f6hnlichen Aufenthaltsort im Ausland<br>haben, oder deren Wohn-\/Gesch\u00e4ftssitz oder gew\u00f6hnlicher Aufenthalt im<br>Zeitpunkt der Klageerhebung nicht bekannt ist, wird als Gerichtsstand der Sitz<br>des BU vereinbart.<\/p>\n\n\n\n<div style=\"height:27px\" aria-hidden=\"true\" class=\"wp-block-spacer\"><\/div>\n\n\n\n<p class=\"has-text-align-center\">14.5. Die vorstehenden Bestimmungen gelten nicht,<br>a) wenn und insoweit sich aus vertraglich nicht abdingbaren<br>Bestimmungen internationaler Abkommen, die auf den Vertrag zwischen<br>dem AG und dem BU anzuwenden sind, etwas anderes zugunsten des<br>AG ergibt oder<br>b) wenn und insoweit auf den Vertrag anwendbare, nicht<br>abdingbare Bestimmungen im Mitgliedstaat der EU, dem der AG<br>angeh\u00f6rt, f\u00fcr den AG g\u00fcnstiger sind als die nachfolgenden Bestimmungen<br>oder die entsprechenden deutschen Vorschriften.<\/p>\n\n\n\n<p class=\"has-text-align-center\"><\/p>\n\n\n\n<div style=\"height:100px\" aria-hidden=\"true\" class=\"wp-block-spacer\"><\/div>\n\n\n\n<p class=\"has-text-align-center\">\u00a9 Urheberrechtlich gesch\u00fctzt; Noll | H\u00fctten | Dukic Rechtsanw\u00e4lte<br><a href=\"http:\/\/www.nhdra.de\/\">http:\/\/www.nhdra.de\/<\/a>,<br>M\u00fcnchen | Stuttgart, 2021<\/p>\n\n\n\n<p class=\"has-text-align-center\">Reiseveranstalter ist:<br>Umbrella City Lines GmbH<br>Winsener Stra\u00dfe 172, 21077 Hamburg<\/p>\n\n\n\n<p class=\"has-text-align-center\">G\u00fcltig ab 1. Januar 2022<\/p>\n\n\n\n<div style=\"height:100px\" aria-hidden=\"true\" class=\"wp-block-spacer\"><\/div>\n\n\n\n<p><\/p>\n","protected":false},"excerpt":{"rendered":"<p>Vertragsbedingungen der Firma UmbrellaCity Lines GmbH f\u00fcr die Anmietung von Omnibussen Sehr geehrte Kunden,die nachfolgenden Mietomnibusbedingungen, nachfolgend \u201eMOB&#8220;abgek\u00fcrzt, werden bei Vertragsschluss, soweit wirksam vereinbart,Inhalt des Vertrages, der im Falle der Anmietung von Omnibussenzwischen uns, der Firma Umbrella City Lines GmbH, nachfolgend als\u201eBusunternehmen&#8220; bezeichnet und \u201eBU&#8220; abgek\u00fcrzt, und demAuftraggeber, nachfolgend \u201eAG&#8220; abgek\u00fcrzt, zu Stande kommt. Bittelesen [&hellip;]<\/p>\n","protected":false},"author":8,"featured_media":678,"parent":0,"menu_order":0,"comment_status":"closed","ping_status":"closed","template":"","meta":{"_acf_changed":false,"footnotes":""},"class_list":["post-642","page","type-page","status-publish","has-post-thumbnail","hentry"],"acf":[],"yoast_head":"<!-- This site is optimized with the Yoast SEO plugin v26.6 - https:\/\/yoast.com\/wordpress\/plugins\/seo\/ -->\n<title>- Umbrella City Lines<\/title>\n<meta name=\"robots\" content=\"index, follow, max-snippet:-1, max-image-preview:large, max-video-preview:-1\" \/>\n<link rel=\"canonical\" href=\"https:\/\/www.umbrellacitylines.sk\/de\/allgemeine-bedingungen\/\" \/>\n<meta property=\"og:locale\" content=\"de_DE\" \/>\n<meta property=\"og:type\" content=\"article\" \/>\n<meta property=\"og:title\" content=\"- Umbrella City Lines\" \/>\n<meta property=\"og:description\" content=\"Vertragsbedingungen der Firma UmbrellaCity Lines GmbH f\u00fcr die Anmietung von Omnibussen Sehr geehrte Kunden,die nachfolgenden Mietomnibusbedingungen, nachfolgend \u201eMOB&#8220;abgek\u00fcrzt, werden bei Vertragsschluss, soweit wirksam vereinbart,Inhalt des Vertrages, der im Falle der Anmietung von Omnibussenzwischen uns, der Firma Umbrella City Lines GmbH, nachfolgend als\u201eBusunternehmen&#8220; bezeichnet und \u201eBU&#8220; abgek\u00fcrzt, und demAuftraggeber, nachfolgend \u201eAG&#8220; abgek\u00fcrzt, zu Stande kommt. Bittelesen [&hellip;]\" \/>\n<meta property=\"og:url\" content=\"https:\/\/www.umbrellacitylines.sk\/de\/allgemeine-bedingungen\/\" \/>\n<meta property=\"og:site_name\" content=\"Umbrella City Lines\" \/>\n<meta property=\"article:modified_time\" content=\"2024-12-21T09:41:40+00:00\" \/>\n<meta property=\"og:image\" content=\"https:\/\/www.umbrellacitylines.sk\/wp-content\/uploads\/2024\/11\/DSC06276-Edit.jpg\" \/>\n\t<meta property=\"og:image:width\" content=\"2000\" \/>\n\t<meta property=\"og:image:height\" content=\"1333\" \/>\n\t<meta property=\"og:image:type\" content=\"image\/jpeg\" \/>\n<meta name=\"twitter:card\" content=\"summary_large_image\" \/>\n<meta name=\"twitter:label1\" content=\"Gesch\u00e4tzte Lesezeit\" \/>\n\t<meta name=\"twitter:data1\" content=\"31\u00a0Minuten\" \/>\n<script type=\"application\/ld+json\" class=\"yoast-schema-graph\">{\"@context\":\"https:\/\/schema.org\",\"@graph\":[{\"@type\":\"WebPage\",\"@id\":\"https:\/\/www.umbrellacitylines.sk\/de\/allgemeine-bedingungen\/\",\"url\":\"https:\/\/www.umbrellacitylines.sk\/de\/allgemeine-bedingungen\/\",\"name\":\"- Umbrella City Lines\",\"isPartOf\":{\"@id\":\"https:\/\/www.umbrellacitylines.sk\/#website\"},\"primaryImageOfPage\":{\"@id\":\"https:\/\/www.umbrellacitylines.sk\/de\/allgemeine-bedingungen\/#primaryimage\"},\"image\":{\"@id\":\"https:\/\/www.umbrellacitylines.sk\/de\/allgemeine-bedingungen\/#primaryimage\"},\"thumbnailUrl\":\"https:\/\/www.umbrellacitylines.sk\/wp-content\/uploads\/2024\/11\/DSC06276-Edit.jpg\",\"datePublished\":\"2024-11-26T18:59:07+00:00\",\"dateModified\":\"2024-12-21T09:41:40+00:00\",\"inLanguage\":\"de\",\"potentialAction\":[{\"@type\":\"ReadAction\",\"target\":[\"https:\/\/www.umbrellacitylines.sk\/de\/allgemeine-bedingungen\/\"]}]},{\"@type\":\"ImageObject\",\"inLanguage\":\"de\",\"@id\":\"https:\/\/www.umbrellacitylines.sk\/de\/allgemeine-bedingungen\/#primaryimage\",\"url\":\"https:\/\/www.umbrellacitylines.sk\/wp-content\/uploads\/2024\/11\/DSC06276-Edit.jpg\",\"contentUrl\":\"https:\/\/www.umbrellacitylines.sk\/wp-content\/uploads\/2024\/11\/DSC06276-Edit.jpg\",\"width\":2000,\"height\":1333},{\"@type\":\"WebSite\",\"@id\":\"https:\/\/www.umbrellacitylines.sk\/#website\",\"url\":\"https:\/\/www.umbrellacitylines.sk\/\",\"name\":\"Umbrella City Lines\",\"description\":\"\",\"potentialAction\":[{\"@type\":\"SearchAction\",\"target\":{\"@type\":\"EntryPoint\",\"urlTemplate\":\"https:\/\/www.umbrellacitylines.sk\/?s={search_term_string}\"},\"query-input\":{\"@type\":\"PropertyValueSpecification\",\"valueRequired\":true,\"valueName\":\"search_term_string\"}}],\"inLanguage\":\"de\"}]}<\/script>\n<!-- \/ Yoast SEO plugin. -->","yoast_head_json":{"title":"- Umbrella City Lines","robots":{"index":"index","follow":"follow","max-snippet":"max-snippet:-1","max-image-preview":"max-image-preview:large","max-video-preview":"max-video-preview:-1"},"canonical":"https:\/\/www.umbrellacitylines.sk\/de\/allgemeine-bedingungen\/","og_locale":"de_DE","og_type":"article","og_title":"- Umbrella City Lines","og_description":"Vertragsbedingungen der Firma UmbrellaCity Lines GmbH f\u00fcr die Anmietung von Omnibussen Sehr geehrte Kunden,die nachfolgenden Mietomnibusbedingungen, nachfolgend \u201eMOB&#8220;abgek\u00fcrzt, werden bei Vertragsschluss, soweit wirksam vereinbart,Inhalt des Vertrages, der im Falle der Anmietung von Omnibussenzwischen uns, der Firma Umbrella City Lines GmbH, nachfolgend als\u201eBusunternehmen&#8220; bezeichnet und \u201eBU&#8220; abgek\u00fcrzt, und demAuftraggeber, nachfolgend \u201eAG&#8220; abgek\u00fcrzt, zu Stande kommt. Bittelesen [&hellip;]","og_url":"https:\/\/www.umbrellacitylines.sk\/de\/allgemeine-bedingungen\/","og_site_name":"Umbrella City Lines","article_modified_time":"2024-12-21T09:41:40+00:00","og_image":[{"width":2000,"height":1333,"url":"https:\/\/www.umbrellacitylines.sk\/wp-content\/uploads\/2024\/11\/DSC06276-Edit.jpg","type":"image\/jpeg"}],"twitter_card":"summary_large_image","twitter_misc":{"Gesch\u00e4tzte Lesezeit":"31\u00a0Minuten"},"schema":{"@context":"https:\/\/schema.org","@graph":[{"@type":"WebPage","@id":"https:\/\/www.umbrellacitylines.sk\/de\/allgemeine-bedingungen\/","url":"https:\/\/www.umbrellacitylines.sk\/de\/allgemeine-bedingungen\/","name":"- Umbrella City Lines","isPartOf":{"@id":"https:\/\/www.umbrellacitylines.sk\/#website"},"primaryImageOfPage":{"@id":"https:\/\/www.umbrellacitylines.sk\/de\/allgemeine-bedingungen\/#primaryimage"},"image":{"@id":"https:\/\/www.umbrellacitylines.sk\/de\/allgemeine-bedingungen\/#primaryimage"},"thumbnailUrl":"https:\/\/www.umbrellacitylines.sk\/wp-content\/uploads\/2024\/11\/DSC06276-Edit.jpg","datePublished":"2024-11-26T18:59:07+00:00","dateModified":"2024-12-21T09:41:40+00:00","inLanguage":"de","potentialAction":[{"@type":"ReadAction","target":["https:\/\/www.umbrellacitylines.sk\/de\/allgemeine-bedingungen\/"]}]},{"@type":"ImageObject","inLanguage":"de","@id":"https:\/\/www.umbrellacitylines.sk\/de\/allgemeine-bedingungen\/#primaryimage","url":"https:\/\/www.umbrellacitylines.sk\/wp-content\/uploads\/2024\/11\/DSC06276-Edit.jpg","contentUrl":"https:\/\/www.umbrellacitylines.sk\/wp-content\/uploads\/2024\/11\/DSC06276-Edit.jpg","width":2000,"height":1333},{"@type":"WebSite","@id":"https:\/\/www.umbrellacitylines.sk\/#website","url":"https:\/\/www.umbrellacitylines.sk\/","name":"Umbrella City Lines","description":"","potentialAction":[{"@type":"SearchAction","target":{"@type":"EntryPoint","urlTemplate":"https:\/\/www.umbrellacitylines.sk\/?s={search_term_string}"},"query-input":{"@type":"PropertyValueSpecification","valueRequired":true,"valueName":"search_term_string"}}],"inLanguage":"de"}]}},"_links":{"self":[{"href":"https:\/\/www.umbrellacitylines.sk\/de\/wp-json\/wp\/v2\/pages\/642","targetHints":{"allow":["GET"]}}],"collection":[{"href":"https:\/\/www.umbrellacitylines.sk\/de\/wp-json\/wp\/v2\/pages"}],"about":[{"href":"https:\/\/www.umbrellacitylines.sk\/de\/wp-json\/wp\/v2\/types\/page"}],"author":[{"embeddable":true,"href":"https:\/\/www.umbrellacitylines.sk\/de\/wp-json\/wp\/v2\/users\/8"}],"replies":[{"embeddable":true,"href":"https:\/\/www.umbrellacitylines.sk\/de\/wp-json\/wp\/v2\/comments?post=642"}],"version-history":[{"count":43,"href":"https:\/\/www.umbrellacitylines.sk\/de\/wp-json\/wp\/v2\/pages\/642\/revisions"}],"predecessor-version":[{"id":731,"href":"https:\/\/www.umbrellacitylines.sk\/de\/wp-json\/wp\/v2\/pages\/642\/revisions\/731"}],"wp:featuredmedia":[{"embeddable":true,"href":"https:\/\/www.umbrellacitylines.sk\/de\/wp-json\/wp\/v2\/media\/678"}],"wp:attachment":[{"href":"https:\/\/www.umbrellacitylines.sk\/de\/wp-json\/wp\/v2\/media?parent=642"}],"curies":[{"name":"wp","href":"https:\/\/api.w.org\/{rel}","templated":true}]}}